{"id":7,"date":"2012-01-14T22:32:58","date_gmt":"2012-01-14T22:32:58","guid":{"rendered":"http:\/\/elplandehiram.org\/?page_id=7"},"modified":"2026-02-26T10:28:25","modified_gmt":"2026-02-26T14:28:25","slug":"publicaciones","status":"publish","type":"page","link":"http:\/\/elplandehiram.org\/?page_id=7","title":{"rendered":"Publicaciones"},"content":{"rendered":"\n<h3 class=\"wp-block-heading\"><span id=\"Libros\">Libros<\/span><\/h3>\n\n\n\n<ul>\n<li><a href=\"http:\/\/derechoalderecho.org\/libro\"><em>Derecho al derecho: Intersticios y grietas del Poder Judicial en Puerto Rico<\/em><\/a> (2012 Editora Educaci\u00f3n Emergente) (co-escritor y compilador con \u00c9rika Font\u00e1nez Torres) (<strong>English Title:<\/strong> Cracks and Interstices of the Judicial Power in Puerto Rico) (for a review in English see:&nbsp; Pedro Reina P\u00e9rez, Citizen Voices and the Law, at <a href=\"http:\/\/revista.drclas.harvard.edu\/book\/citizen-voices-and-law\">ReVista, the Harvard Review of Latin America <\/a>(Spring 2014) (also available at <a href=\"http:\/\/aldia.microjuris.com\/2014\/05\/05\/citizen-voices-and-the-law\/\">Microjuris<\/a>)<\/li>\n<\/ul>\n\n\n\n<h3 class=\"wp-block-heading\"><span id=\"Artculos-y-Captulos-de-Libro\">Art\u00edculos y Cap\u00edtulos de Libro<\/span><\/h3>\n\n\n\n<ul>\n<li><a href=\"https:\/\/derecho.uprrp.edu\/revistajuridica\/2021\/09\/21\/los-derechos-morales-en-puerto-rico\/\"><em>Los derechos morales en Puerto Rico<\/em>,<\/a> 90 Rev. Jur. UPR. 751 (2021)  (una reflexi\u00f3n cr\u00edtica sobre los derechos morales de autor y su tensa relaci\u00f3n con valores de libertad de expresi\u00f3n y con el r\u00e9gimen de <em>copyright<\/em> federal). Citado con aprobaci\u00f3n por 7 Patry on Copyright \u00a7 27:4, n.1 (Sept. 2024 update). <\/li>\n<\/ul>\n\n\n\n<ul>\n<li><em>Nota: Vac\u00edos Jur\u00eddicos: Derecho y Tecnolog\u00eda<\/em>, <a href=\"http:\/\/revistajuridica.uprrp.edu\/wp-content\/uploads\/2018\/06\/07-Nota-Tecnolog%C3%ADa.pdf\">87 Rev. Jur. UPR 1318 (2018)<\/a>.<\/li>\n<\/ul>\n\n\n\n<ul>\n<li><em>In the Red: Puerto Rico\u2019s Fiscal and Democratic Deficits Laid Bare<\/em> (Quaderni Costituzionali 2017 No. 3)  (available at&nbsp;<a href=\"https:\/\/ssrn.com\/abstract=3022151\">https:\/\/ssrn.com\/abstract=3022151<\/a>)<\/li>\n<\/ul>\n\n\n\n<ul>\n<li>Vida privada, reputaci\u00f3n y libertad de expresi\u00f3n en un entorno digital: Los intermediarios desde el marco normativo de Estados Unidos, <a href=\"http:\/\/elplandehiram.org\/wp-content\/uploads\/2024\/09\/HMJ_Derecho_TICS.pdf\">Revista Derecho, Comunicaciones y Nuevas Tecnolog\u00edas,&nbsp;No. 16, julio &#8211; diciembre de 2017<\/a><\/li>\n<\/ul>\n\n\n\n<ul>\n<li><em>Mercados, Propiedad, Expresi\u00f3n y Uso Personal: el sistema de derechos de autor, en&nbsp;<a href=\"http:\/\/www.palermo.edu\/cele\/pdf\/InternetyDDHHII.pdf\">Internet y Derechos Humanos II: Aportes para la discusi\u00f3n en Am\u00e9rica Latina<\/a>,&nbsp;<\/em>Centro de Estudios en libertad de Expresi\u00f3n y Acceso a la Informaci\u00f3n, Universidad de Palermo, Buenos Aires (2016)<\/li>\n<\/ul>\n\n\n\n<ul>\n<li><a href=\"https:\/\/derechoycriticasocial.files.wordpress.com\/2015\/08\/4-melendez-2015.pdf\">Mercados, Propiedad, Expresi\u00f3n y Uso Personal: el sistema de derechos de autor<\/a>, en Derecho y Cr\u00edtica Social 1(1) 109-138. ISSN 0719-5680 &nbsp;(2015) (Markets, Property,&nbsp;Speech and Personal Use: The Copyright System)<\/li>\n<\/ul>\n\n\n\n<ul>\n<li>Estado, Religi\u00f3n y Derecho: Una Reflexi\u00f3n Multidisciplinaria, <a href=\"http:\/\/revistajuridica.uprrp.edu\/wp-content\/uploads\/2016\/05\/84-Rev.-Jur.-UPR-531.pdf\">84 Revista Jur\u00eddica UPR 531<\/a> (2015)<\/li>\n<\/ul>\n\n\n\n<ul>\n<li><a href=\"http:\/\/elplandehiram.org\/wp-content\/uploads\/2012\/01\/83RevJurUPR-3.pdf\"><em>El Derecho a la Intimidad, Nuevas Tecnolog\u00edas y la Jurisprudencia &nbsp;del Juez Hern\u00e1ndez Denton: Lo P\u00fablico de lo P\u00fablico<\/em><\/a>, 83 Revista Jur\u00eddica UPR 1067 (2014) &nbsp;<strong>English title<\/strong>: <em>Privacy, New Technologies and Hern\u00e1ndez Denton&#8217;s Jurisprudence<\/em><\/li>\n<\/ul>\n\n\n\n<ul>\n<li><a href=\"http:\/\/www.revistajuridicaupr.org\/derecho-al-derecho-una-apuesta-por-la-democratizacion-radical-de-lo-juridico%E2%80%8B\/\"><em>Derecho al Derecho: una apuesta por la democratizaci\u00f3n radical de lo jur\u00eddico<\/em><\/a>, 83 Revista Jur\u00eddica Digital UPR 230 (2014) (con \u00c9rika Font\u00e1nez Torres)<a href=\"http:\/\/derechoalderecho.org\/libro\"><\/a><\/li>\n<\/ul>\n\n\n\n<ul>\n<li><em>Intermediarios y Libertad de Expresi\u00f3n: Apuntes para una conversaci\u00f3n, en <a href=\"http:\/\/www.palermo.edu\/cele\/pdf\/internet_libre_de_censura_libro.pdf\">Hacia una Internet libre de censura. Propuestas para Am\u00e9rica Latina<\/a><\/em>, Centro de Estudios en libertad de Expresi\u00f3n y Acceso a la Informaci\u00f3n, Universidad de Plermo, Buenos Aires (2012) (<a href=\"http:\/\/www.palermo.edu\/cele\/pdf\/english\/Internet-Free-of-Censorship\/04-Intermediaries_Freedom_of_Expression_Hiram_Melendez_Juarbe.pdf\"><strong>English version<\/strong>, here<\/a>) (<strong>English title<\/strong>: <em>Intermediaries and Freedom of Speech<\/em>) (Cited by the <em>Annual Report of the Freedom of Speech Special Rapporteur &nbsp;for the Inter American Human Rights Commission<\/em>, 2013) (citado por&nbsp;<a href=\"http:\/\/www.oas.org\/es\/cidh\/expresion\/informes\/anuales.asp\">Informe Anual de la Relator\u00eda Especial para la Libertad de Expresi\u00f3n de la Comisi\u00f3n Interamericana de Derechos Humanos, Organizaci\u00f3n de Estados Americanos<\/a> (2013), \u00b699).<\/li>\n<\/ul>\n\n\n\n<ul>\n<li><em>Tecnopol\u00edtica y Derechos de Autor<\/em>&nbsp; (SELA 2011, Yale Law School) (<strong>English title<\/strong>: Technopolitics and Copyright Law) Disponible en&nbsp;<a href=\"https:\/\/digitalcommons.law.yale.edu\/yls_sela\/97\/\">https:\/\/digitalcommons.law.yale.edu\/yls_sela\/97\/<\/a><\/li>\n<\/ul>\n\n\n\n<ul>\n<li><em>Creative Copyright for Creative Business, <\/em><a href=\"http:\/\/uprblj.org\/issues\/volume%201\/notes\/1-UPRBLJ-137-Mel\u00e9ndez-Juarbe-HA.pdf\">1 UPR Business L. J. 137 (2010)<\/a>.<\/li>\n<\/ul>\n\n\n\n<ul>\n<li><em>DRM Interoperability, <\/em><a href=\"https:\/\/www.bu.edu\/jostl\/files\/2015\/02\/Melendez-Juarbe_WEB_152.pdf\">XV B.U. J. Sci. Tech. L 181 (2009)<\/a>.&nbsp; (Selected as one \u201cof the most important and timely articles on computers, technology, and the law\u201d of 2009 by the Rutgers Computer and Technology Law Journal, <em>Forty-First Selected Bibliography on Computers, Technology and the Law<\/em>, 36 Rutgers Comp. &amp; Tech. L.J. 322 (2010)).<\/li>\n<\/ul>\n\n\n\n<ul>\n<li><em>El menosprecio como objetivo constitucionalmente ileg\u00edtimo: La constitucionalidad de la Ley 54 despu\u00e9s de Pueblo v. Leandro Ruiz Mart\u00ednez; <\/em><a href=\"http:\/\/www.indret.com\/pdf\/594_es.pdf\">1.09 InDret Constitucional 594 (2009<\/a>) (Unconstitutionality of Puerto Rico\u2019s Domestic Violence Act as it denies protection from violence occurring solely within same-sex relations).<\/li>\n<\/ul>\n\n\n\n<ul>\n<li><em>Privacy in Puerto Rico and The Madman\u2019s Plight: Decisions,&nbsp; <\/em><a href=\"http:\/\/melendezjuarbe.com\/HMJ_Madman.pdf\"><\/a><a href=\"http:\/\/elplandehiram.org\/wp-content\/uploads\/2019\/03\/HiramAMelendezJuarbePriva.pdf\">9 Georgetown J. Gen. &amp; L. 1 (2008)<\/a>.<\/li>\n<\/ul>\n\n\n\n<ul>\n<li><em>La Constituci\u00f3n en Ceros y Unos: Un Acercamiento Digital al Derecho a la Intimidad y la Seguridad P\u00fablica,&nbsp; <\/em><a href=\"http:\/\/elplandehiram.org\/documentos\/CerosyUnosRevJur.pdf\">77 Rev. Jur. UPR&nbsp; 45 (2008)<\/a> <em>(<strong>English title<\/strong>: \u201cThe Constitution in Zeros and Ones: A Digital Approach to Privacy and Puublic Safety<\/em>) (judicial review proposal for considering the balance between privacy and state security interests in a digitally&nbsp; networked world).<\/li>\n<\/ul>\n\n\n\n<ul>\n<li><em>Creative Commons Puerto Rico y la Agenda de Contenido Libre, <\/em><a href=\"http:\/\/elplandehiram.org\/documentos\/RevColAbog_Scan.pdf\">69 Revista Colegio Abogados de PR 151 (2008)<\/a><\/li>\n<\/ul>\n\n\n\n<ul>\n<li><em>Derecho Constitucional, <\/em><a href=\"http:\/\/elplandehiram.org\/wp-content\/uploads\/2012\/01\/75-Rev-Jur-UPR-29.pdf\">75 Rev. Jur. UPR 29 (2006)<\/a> (Constitutional Law).<\/li>\n<\/ul>\n\n\n\n<ul>\n<li><em>Derecho Administrativo, <\/em><a href=\"http:\/\/elplandehiram.org\/wp-content\/uploads\/2012\/01\/74-Rev-Jur-UPR-531.pdf\">74 Rev. Jur. UPR 531 (2005)<\/a> (Administrative Law. Cited by the Puerto Rico Supreme Court <em>in Gonz\u00e1lez Aristud v. Hospital Pav\u00eda<\/em>, 2006 TSPR 98, June 13, 2006).<\/li>\n<\/ul>\n\n\n\n<ul>\n<li><em>Derecho Administrativo, <\/em><a href=\"http:\/\/elplandehiram.org\/wp-content\/uploads\/2012\/01\/73-Rev-Jur-UPR-509.pdf\">73 Rev. Jur. UPR 509 (2004)<\/a> (Administrative Law. Cited by the Puerto Rico Supreme Court <em>in Gonz\u00e1lez Fuentes v. ELA, <\/em>2006 TSPR 44, March 29, 2006).<\/li>\n<\/ul>\n\n\n\n<h3 class=\"wp-block-heading\"><span id=\"Publicaciones-Institucionales\">Publicaciones Institucionales<\/span><\/h3>\n\n\n\n<ul>\n<li>Investigador y redactor principal, <a href=\"http:\/\/elplandehiram.org\/wp-content\/uploads\/2021\/12\/Vigilancia-Gubernamental-y-Protesta-Pu\u0301blica-en-Puerto-Rico-Informe-de-la-Querella-Nu\u0301m.-2017-04-16861.pdf\">Comisi\u00f3n de Derechos Civiles, Vigilancia Gubernamental y Protesta P\u00fablica en Puerto Rico: An\u00e1lisis de pr\u00e1cticas de vigilancia por la Polic\u00eda de Puerto Rico durante las manifestaciones del 1ro de mayo de 2017 (24 de abril de 2019) <\/a>(Chief Researcher and Author of Puerto Rico Civil Rights Commission Report: Government Surveillance and Public Protest in Puerto Rico, April, 2019) para una discusi\u00f3n de este Informe, v\u00e9ase <a href=\"http:\/\/derechoalderecho.org\/2019\/08\/12\/episodio-25-vigilancia-gubernamental-y-protesta-publica-en-puerto-rico-hilando-fino\/\">Episodio 25 de Podcast Pensando el Derecho<\/a>].<\/li>\n<\/ul>\n\n\n\n<p><\/p>\n\n\n","protected":false},"excerpt":{"rendered":"<p>Libros Art\u00edculos y Cap\u00edtulos de Libro Publicaciones Institucionales<\/p>\n","protected":false},"author":1,"featured_media":0,"parent":0,"menu_order":0,"comment_status":"closed","ping_status":"closed","template":"","meta":[],"_links":{"self":[{"href":"http:\/\/elplandehiram.org\/index.php?rest_route=\/wp\/v2\/pages\/7"}],"collection":[{"href":"http:\/\/elplandehiram.org\/index.php?rest_route=\/wp\/v2\/pages"}],"about":[{"href":"http:\/\/elplandehiram.org\/index.php?rest_route=\/wp\/v2\/types\/page"}],"author":[{"embeddable":true,"href":"http:\/\/elplandehiram.org\/index.php?rest_route=\/wp\/v2\/users\/1"}],"replies":[{"embeddable":true,"href":"http:\/\/elplandehiram.org\/index.php?rest_route=%2Fwp%2Fv2%2Fcomments&post=7"}],"version-history":[{"count":79,"href":"http:\/\/elplandehiram.org\/index.php?rest_route=\/wp\/v2\/pages\/7\/revisions"}],"predecessor-version":[{"id":3216,"href":"http:\/\/elplandehiram.org\/index.php?rest_route=\/wp\/v2\/pages\/7\/revisions\/3216"}],"wp:attachment":[{"href":"http:\/\/elplandehiram.org\/index.php?rest_route=%2Fwp%2Fv2%2Fmedia&parent=7"}],"curies":[{"name":"wp","href":"https:\/\/api.w.org\/{rel}","templated":true}]}}