{"id":640,"date":"2013-12-30T07:11:00","date_gmt":"2013-12-30T11:11:00","guid":{"rendered":"http:\/\/elplandehiram.org\/?page_id=640"},"modified":"2014-05-05T15:16:47","modified_gmt":"2014-05-05T19:16:47","slug":"derecho-de-internet-2do-sem-2013-2014","status":"publish","type":"page","link":"http:\/\/elplandehiram.org\/?page_id=640","title":{"rendered":"Derecho de Internet 2do Sem 2013-2014"},"content":{"rendered":"<p align=\"center\">Prof. Hiram Mel\u00e9ndez Juarbe<\/p>\n<p><strong style=\"line-height: 1.5;\">Sesiones<\/strong><span style=\"line-height: 1.5;\">:<\/span><\/p>\n<p>Lunes: 1:00pm-2:50pm,\u00a0Sal\u00f3n L-4<\/p>\n<p><strong>Horas de Oficina:\u00a0<\/strong><\/p>\n<p>Mi\u00e9rcoles 10:00am-5:00pm, por cita.<\/p>\n<h2><strong>I. \u00a0 \u00a0Descripci\u00f3n del curso<\/strong><\/h2>\n<p>Estudia \u00a0los \u00a0problemas \u00a0legales \u00a0b\u00e1sicos \u00a0suscitados tras el surgimiento de tecnolog\u00edas \u00a0digitales \u00a0en \u00a0red \u00a0tales \u00a0como la Internet. Examina \u00a0consideraciones \u00a0jurisdiccionales, \u00a0el \u00a0uso de \u00a0firmas y contratos electr\u00f3nicos, \u00a0la \u00a0violaci\u00f3n \u00a0de los diferentes \u00a0derechos \u00a0de \u00a0propiedad \u00a0intelectual en l\u00ednea, la tipificaci\u00f3n \u00a0de \u00a0delitos en el entorno digital y la protecci\u00f3n \u00a0del \u00a0derecho \u00a0a \u00a0la \u00a0intimidad \u00a0y \u00a0el \u00a0derecho \u00a0a \u00a0la \u00a0libertad \u00a0de \u00a0expresi\u00f3n, \u00a0entre \u00a0otros. \u00a0Aborda \u00a0los \u00a0debates \u00a0de \u00a0pol\u00edtica \u00a0p\u00fablica y te\u00f3ricos en torno a la relaci\u00f3n entre el derecho y tecnolog\u00edas emergentes.<\/p>\n<h2>II. \u00a0Libro y Materiales<\/h2>\n<ul>\n<li>James Grimmelmann, Internet Law: Cases and Problems V. 3.0 (2013)<\/li>\n<li>James Grimmelmann, Suplemento sobre NSA \u00a0(2013)<\/li>\n<\/ul>\n<p><strong>AVISO ESPECIAL SOBRE EL LIBRO: \u00a0<\/strong>El libro se adquiere a trav\u00e9s \u00a0de la Editorial <a href=\"https:\/\/www.semaphorepress.com\">Semaphore Press<\/a>, como un texto digital. \u00a0El libro tiene un precio sugerido de $30.00. \u00a0Su profesor recomienda en\u00e9rgicamente que lo adquieran a ese precio. Es indispensable que lean la informaci\u00f3n en esta p\u00e1gina antes de bajar su libro:\u00a0<strong><a href=\"https:\/\/www.semaphorepress.com\/students.html\">https:\/\/www.semaphorepress.com\/students.html<\/a><\/strong><\/p>\n<h2>III. \u00a0Evaluaci\u00f3n<\/h2>\n<p>El m\u00e9todo de evaluaci\u00f3n constar\u00e1 de un examen al final del semestre. Para fines de la calificaci\u00f3n final, se tomar\u00e1 en cuenta la asistencia y la participaci\u00f3n informada en clase. Se observar\u00e1n rigurosamente las normas para la otorgaci\u00f3n y remoci\u00f3n de Incompletos (ver cat\u00e1logo de la Escuela de Derecho). Los Incompletos son una excepci\u00f3n y como tal se evaluar\u00e1n.<\/p>\n<h2>IV. Registro Electr\u00f3nico<\/h2>\n<p>El primer d\u00eda de clases cada estudiante debe enviar un email a\u00a0<a href=\"http:\/\/www.google.com\/recaptcha\/mailhide\/d?k=015vwb03bsNdEec_nuSmAWRA==&amp;c=S54IH-P80S8yPI81HXr4ixls_1OHJ6a3jZsyXYP07Mc=\">la direcci\u00f3n de email en este enlace<\/a>\u00a0con la siguiente frase en el asunto <strong>(sin comillas) \u201cdereinternet2013B\u201d<\/strong>.\u00a0 \u00a0El profesor avisar\u00e1 por correo electr\u00f3nico sobre cambios en el programa y asuntos relacionados a la clase. Estos avisos se enviar\u00e1n a la direcci\u00f3n que el estudiante utiliz\u00f3 en ese email inicial. \u00a0Se presumir\u00e1 que todo env\u00edo \u00a0a esa direcci\u00f3n es recibido correctamente.<\/p>\n<h2>V. \u00a0\u00a0\u00a0\u00a0 Necesidades especiales<\/h2>\n<p>De tener necesidades especiales, no dude en comunicarse conmigo personalmente o por v\u00eda electr\u00f3nica para hacer los ajustes necesarios y lograr el acomodo razonable seg\u00fan las normas y reglamentos de la instituci\u00f3n.<\/p>\n<h2>VI. \u00a0\u00a0\u00a0\u00a0 Distribuci\u00f3n de Materiales y Sesiones<\/h2>\n<p>&nbsp;<\/p>\n<div id=\"toc-np-container\"><p id=\"toc-np-title\">Sesiones<\/p><ul class=\"no-bullets\"><li class=\"header-level-1\"><a href=\"http:\/\/elplandehiram.org\/?page_id=640#Sesin-1-Introduccin-feb-3\">Sesi\u00f3n 1: Introducci\u00f3n (feb 3)<\/a><\/li><li class=\"header-level-1\"><a href=\"http:\/\/elplandehiram.org\/?page_id=640#Sesin-2-Jurisdiccin-feb-5\">Sesi\u00f3n 2: Jurisdicci\u00f3n (feb 5)<\/a><\/li><li class=\"header-level-1\"><a href=\"http:\/\/elplandehiram.org\/?page_id=640#Sesin-3Expresin-1feb-10\">Sesi\u00f3n 3:\u00a0Expresi\u00f3n 1\u00a0\u00a0(feb 10)<\/a><\/li><li class=\"header-level-1\"><a href=\"http:\/\/elplandehiram.org\/?page_id=640#Sesin-4-Expresin-2-feb-24\">Sesi\u00f3n 4: Expresi\u00f3n 2 (feb 24)<\/a><\/li><li class=\"header-level-1\"><a href=\"http:\/\/elplandehiram.org\/?page_id=640#Sesin-5Ordenamiento-Privadomar-3\">Sesi\u00f3n 5:\u00a0Ordenamiento Privado\u00a0(mar 3)<\/a><\/li><li class=\"header-level-1\"><a href=\"http:\/\/elplandehiram.org\/?page_id=640#Sesin-6Marcas-y-Nombres-de-Dominiomar-10\">Sesi\u00f3n 6:\u00a0Marcas y Nombres de Dominio\u00a0(mar 10)<\/a><\/li><li class=\"header-level-1\"><a href=\"http:\/\/elplandehiram.org\/?page_id=640#Sesin-7Derechos-de-Autor-1mar-24\">Sesi\u00f3n 7:\u00a0Derechos de Autor 1\u00a0(mar 24)<\/a><\/li><li class=\"header-level-1\"><a href=\"http:\/\/elplandehiram.org\/?page_id=640#Sesin-8Derechos-de-Autor-2mar-31\">Sesi\u00f3n 8:\u00a0Derechos de Autor 2\u00a0(mar 31)<\/a><\/li><li class=\"header-level-1\"><a href=\"http:\/\/elplandehiram.org\/?page_id=640#Sesin-9Derechos-de-Autor-3-abril-7\">Sesi\u00f3n 9:\u00a0Derechos de Autor 3 \u00a0(abril 7)<\/a><\/li><li class=\"header-level-1\"><a href=\"http:\/\/elplandehiram.org\/?page_id=640#Sesin-10-Privacidad-1-abril-14\">Sesi\u00f3n 10: Privacidad 1 (abril 14)<\/a><\/li><li class=\"header-level-1\"><a href=\"http:\/\/elplandehiram.org\/?page_id=640#Sesin-11-abril-28\">Sesi\u00f3n 11: \u00a0(abril 28)<\/a><\/li><li class=\"header-level-1\"><a href=\"http:\/\/elplandehiram.org\/?page_id=640#Sesin-12-Privacidad-2-abril-30\">Sesi\u00f3n 12: Privacidad 2 \u00a0(abril 30)<\/a><\/li><li class=\"header-level-1\"><a href=\"http:\/\/elplandehiram.org\/?page_id=640#Sesin-13-Privacidad-3-mayo-5\">Sesi\u00f3n 13: Privacidad 3 (mayo 5)<\/a><\/li><li class=\"header-level-1\"><a href=\"http:\/\/elplandehiram.org\/?page_id=640#Sesin-14-Acceso-a-Computadoras-mayo-6\">Sesi\u00f3n 14: Acceso a Computadoras\u00a0 (mayo 6)<\/a><\/li><\/ul><\/div>\n<h3><span id=\"Sesin-1-Introduccin-feb-3\">Sesi\u00f3n 1: Introducci\u00f3n (feb 3)<\/span><\/h3>\n<ul>\n<li>Grimmelmann, p\u00e1ginas 8-51<\/li>\n<\/ul>\n<h3><span id=\"Sesin-2-Jurisdiccin-feb-5\">Sesi\u00f3n 2: Jurisdicci\u00f3n (feb 5)<\/span><\/h3>\n<ul>\n<li>Grimmelmann, p\u00e1ginas 53-110<\/li>\n<\/ul>\n<h3><span id=\"Sesin-3Expresin-1feb-10\">Sesi\u00f3n 3:\u00a0Expresi\u00f3n 1\u00a0\u00a0(feb 10)<\/span><\/h3>\n<ul>\n<li>Grimmelmann, p\u00e1ginas 111-142<\/li>\n<\/ul>\n<h3><span id=\"Sesin-4-Expresin-2-feb-24\">Sesi\u00f3n 4: Expresi\u00f3n 2 (feb 24)<\/span><\/h3>\n<ul>\n<li><span style=\"line-height: 1.5;\">Grimmelmann, p\u00e1ginas 143-190<\/span><\/li>\n<\/ul>\n<h3><span id=\"Sesin-5Ordenamiento-Privadomar-3\">Sesi\u00f3n 5:\u00a0Ordenamiento Privado\u00a0(mar 3)<\/span><\/h3>\n<ul>\n<li>Grimmelmann, p\u00e1ginas 481-494; 507-524 (<span style=\"color: #ff0000;\"><strong>enmendado<\/strong><\/span>)<\/li>\n<li>Marguerite Reardon,\u00a0<a href=\"http:\/\/news.cnet.com\/8301-13578_3-57617199-38\/appeals-court-strikes-down-fccs-net-neutrality-rules\/\">Appeals court strikes down FCC&#8217;s Net neutrality rules<\/a>, 14 de enero de 2014<\/li>\n<\/ul>\n<h3><span id=\"Sesin-6Marcas-y-Nombres-de-Dominiomar-10\">Sesi\u00f3n 6:\u00a0Marcas y Nombres de Dominio\u00a0(mar 10)<\/span><\/h3>\n<ul>\n<li>Grimmelmann, p\u00e1ginas 307-49\u00a0(<span style=\"color: #ff0000;\"><strong>enmendado<\/strong><\/span>)<\/li>\n<\/ul>\n<h3><span id=\"Sesin-7Derechos-de-Autor-1mar-24\">Sesi\u00f3n 7:\u00a0Derechos de Autor 1\u00a0(mar 24)<\/span><\/h3>\n<ul>\n<li>Grimmelmann, p\u00e1ginas 371-418<\/li>\n<\/ul>\n<h3><span id=\"Sesin-8Derechos-de-Autor-2mar-31\">Sesi\u00f3n 8:\u00a0Derechos de Autor 2\u00a0(mar 31)<\/span><\/h3>\n<ul>\n<li>Grimmelmann, p\u00e1ginas 418-450<\/li>\n<\/ul>\n<h3><span id=\"Sesin-9Derechos-de-Autor-3-abril-7\">Sesi\u00f3n 9:\u00a0Derechos de Autor 3 \u00a0(abril 7)<\/span><\/h3>\n<ul>\n<li>Grimmelmann, p\u00e1ginas 451-480<\/li>\n<\/ul>\n<h3><span id=\"Sesin-10-Privacidad-1-abril-14\">Sesi\u00f3n 10: Privacidad 1 (abril 14)<\/span><\/h3>\n<ul>\n<li><span style=\"line-height: 1.5;\">Grimmelmann, p\u00e1ginas 191-220<\/span><\/li>\n<\/ul>\n<h3><span id=\"Sesin-11-abril-28\"><del>Sesi\u00f3n 11: \u00a0(abril 28)<\/del><\/span><\/h3>\n<h3><span id=\"Sesin-12-Privacidad-2-abril-30\">Sesi\u00f3n 12: Privacidad 2 \u00a0(abril 30)<\/span><\/h3>\n<ul>\n<li style=\"line-height: 1.5;\"><span style=\"line-height: 1.5;\">Grimmelmann, Suplemento NSA<\/span><\/li>\n<li style=\"line-height: 1.5;\"><span style=\"line-height: 1.5;\">Weber v. ELA,\u00a0<\/span><a style=\"line-height: 1.5;\" href=\"http:\/\/www.ramajudicial.pr\/ts\/2014\/2014tspr46.pdf\">2014 TSPR 26<\/a><span style=\"line-height: 1.5;\">\u00a0<\/span><span style=\"font-weight: bold;\"><span style=\"color: #ff0000;\">(nuevo)<\/span><\/span><\/li>\n<li style=\"line-height: 1.5;\"><span style=\"line-height: 1.5;\">United States v Jones,\u00a0<\/span><a style=\"line-height: 1.5;\" href=\"http:\/\/www.supremecourt.gov\/opinions\/11pdf\/10-1259.pdf\">565 US ___ (2011)<\/a><span style=\"line-height: 1.5;\">\u00a0(leer opini\u00f3n del Tribunal y Opini\u00f3n Concurrente de Sotomayor)\u00a0<\/span><span style=\"font-weight: bold;\"><span style=\"color: #ff0000;\">(nuevo)<\/span><\/span><\/li>\n<\/ul>\n<p style=\"line-height: 1.5;\"><span style=\"font-weight: bold;\">Recomendado<\/span><\/p>\n<p><span style=\"font-weight: bold;\">Hiram Mel\u00e9ndez Juarbe<\/span><span style=\"line-height: 1.5;\">,\u00a0Registros, intimidad y tecnolog\u00eda: Pueblo v. D\u00edaz Medina,\u00a0<\/span><a style=\"line-height: 1.5;\" href=\"http:\/\/derechoalderecho.org\/2009\/09\/03\/registros-intimidad-y-tecnologia-pueblo-v-diaz-medina\/\">http:\/\/derechoalderecho.org\/2009\/09\/03\/registros-intimidad-y-tecnologia-pueblo-v-diaz-medina\/<\/a><br \/>\n<span style=\"font-weight: bold;\">Hiram Mel\u00e9ndez Juarbe<\/span><span style=\"line-height: 1.5;\">,\u00a0<\/span><a style=\"line-height: 1.5;\" href=\"http:\/\/elplandehiram.org\/documentos\/CerosyUnosRevJur.pdf\">La Constituci\u00f3n en Ceros y Unos: Un acercamiento digital al derecho a la intimidad y la seguridad p\u00fablica<\/a><span style=\"line-height: 1.5;\">, 77 Rev Jur. UPR 45 (2008).<\/span><\/p>\n<h3><span id=\"Sesin-13-Privacidad-3-mayo-5\">Sesi\u00f3n 13: Privacidad 3 (mayo 5)<\/span><\/h3>\n<ul>\n<li>Grimmelmann, p\u00e1ginas 221-251<\/li>\n<li>Rodr\u00edguez v. Telef\u00f3nica de Puerto Rico,\u00a0156 DPR 584 (2002) <strong><span style=\"color: #ff0000;\">(nuevo)<\/span><\/strong><\/li>\n<li>Ley de Notificaci\u00f3n de Pol\u00edticas de Privacidad de 2012, disponible en\u00a0<a href=\"http:\/\/derechoalderecho.org\/2013\/02\/07\/ley-de-notificacion-de-politicas-de-privacidad-de-2012\/\">http:\/\/derechoalderecho.org\/2013\/02\/07\/ley-de-notificacion-de-politicas-de-privacidad-de-2012\/<\/a>\u00a0<span style=\"color: #ff0000;\"><strong>(nuevo)<\/strong><\/span><\/li>\n<\/ul>\n<h3><span id=\"Sesin-14-Acceso-a-Computadoras-mayo-6\">Sesi\u00f3n 14: Acceso a Computadoras\u00a0 (mayo 6)<\/span><\/h3>\n<ul>\n<li>Grimmelmann, p\u00e1ginas 268-292.<\/li>\n<\/ul>\n","protected":false},"excerpt":{"rendered":"<p>Prof. Hiram Mel\u00e9ndez Juarbe Sesiones: Lunes: 1:00pm-2:50pm,\u00a0Sal\u00f3n L-4 Horas de Oficina:\u00a0 Mi\u00e9rcoles 10:00am-5:00pm, por cita. I. \u00a0 \u00a0Descripci\u00f3n del curso Estudia \u00a0los \u00a0problemas \u00a0legales \u00a0b\u00e1sicos \u00a0suscitados tras el surgimiento de tecnolog\u00edas \u00a0digitales \u00a0en \u00a0red \u00a0tales \u00a0como la Internet. Examina \u00a0consideraciones \u00a0jurisdiccionales, \u00a0el \u00a0uso de \u00a0firmas y contratos electr\u00f3nicos, \u00a0la \u00a0violaci\u00f3n \u00a0de los diferentes \u00a0derechos \u00a0de &hellip; <a href=\"http:\/\/elplandehiram.org\/?page_id=640\" class=\"more-link\">Continue reading <span class=\"screen-reader-text\">Derecho de Internet 2do Sem 2013-2014<\/span> <span class=\"meta-nav\">&rarr;<\/span><\/a><\/p>\n","protected":false},"author":1,"featured_media":0,"parent":52,"menu_order":0,"comment_status":"closed","ping_status":"closed","template":"","meta":[],"_links":{"self":[{"href":"http:\/\/elplandehiram.org\/index.php?rest_route=\/wp\/v2\/pages\/640"}],"collection":[{"href":"http:\/\/elplandehiram.org\/index.php?rest_route=\/wp\/v2\/pages"}],"about":[{"href":"http:\/\/elplandehiram.org\/index.php?rest_route=\/wp\/v2\/types\/page"}],"author":[{"embeddable":true,"href":"http:\/\/elplandehiram.org\/index.php?rest_route=\/wp\/v2\/users\/1"}],"replies":[{"embeddable":true,"href":"http:\/\/elplandehiram.org\/index.php?rest_route=%2Fwp%2Fv2%2Fcomments&post=640"}],"version-history":[{"count":25,"href":"http:\/\/elplandehiram.org\/index.php?rest_route=\/wp\/v2\/pages\/640\/revisions"}],"predecessor-version":[{"id":786,"href":"http:\/\/elplandehiram.org\/index.php?rest_route=\/wp\/v2\/pages\/640\/revisions\/786"}],"up":[{"embeddable":true,"href":"http:\/\/elplandehiram.org\/index.php?rest_route=\/wp\/v2\/pages\/52"}],"wp:attachment":[{"href":"http:\/\/elplandehiram.org\/index.php?rest_route=%2Fwp%2Fv2%2Fmedia&parent=640"}],"curies":[{"name":"wp","href":"https:\/\/api.w.org\/{rel}","templated":true}]}}