{"id":370,"date":"2013-01-08T21:37:21","date_gmt":"2013-01-08T21:37:21","guid":{"rendered":"http:\/\/elplandehiram.org\/?page_id=370"},"modified":"2014-01-18T14:34:38","modified_gmt":"2014-01-18T18:34:38","slug":"derechos-de-autor-segundo-semestre-2012-2013","status":"publish","type":"page","link":"http:\/\/elplandehiram.org\/?page_id=370","title":{"rendered":"Derechos de Autor Primer Semestre 2013-2014"},"content":{"rendered":"<p align=\"center\"><strong>Prof. Hiram Mel\u00e9ndez Juarbe<\/strong><\/p>\n<p><strong>* AVISO: Las lecturas correspondientes a las primeras dos sesiones est\u00e1n disponibles en la Reserva Electr\u00f3nica de la Escuela. Debe notar que las p\u00e1ginas en la reserva digital corresponden a la edici\u00f3n anterior del libro. <span style=\"color: #ff0000;\">Para el resto del curso es indispensable adquirir la edici\u00f3n m\u00e1s reciente.<\/span>\u00a0<\/strong><\/p>\n<p><strong>Sesiones:<\/strong><strong>\u00a0\u00a0<\/strong><\/p>\n<p>Martes y Viernes: 1:00pm-2:20pm,\u00a0Sal\u00f3n L-4<\/p>\n<p><strong>Horas de Oficina:\u00a0<\/strong>Mi\u00e9rcoles 10:00am-5:00pm, por cita.<\/p>\n<p><strong>I. \u00a0 \u00a0<\/strong><strong>Descripci\u00f3n del curso<\/strong><\/p>\n<p>Explora detalladamente la protecci\u00f3n legal a los derechos de autor en su dimensi\u00f3n patrimonial y moral seg\u00fan la legislaci\u00f3n federal y puertorrique\u00f1a as\u00ed como sus fundamentos te\u00f3ricos. Examina qu\u00e9 constituye una obra y los requisitos\u00a0 necesarios para su protecci\u00f3n, as\u00ed como la titularidad y transferencia de derechos, el alcance de la protecci\u00f3n as\u00ed como sus limitaciones, excepciones, criterios de evaluaci\u00f3n judicial para determinar violaciones y remedios disponibles en los tribunales. Considera adem\u00e1s el derecho de autor en el nivel internacional.<\/p>\n<h2><span id=\"IIObjetivos\"><strong>II.\u00a0\u00a0\u00a0\u00a0\u00a0\u00a0\u00a0\u00a0\u00a0\u00a0\u00a0\u00a0\u00a0<\/strong><strong>Objetivos<\/strong><\/span><\/h2>\n<p>En este curso los y las estudiantes:<\/p>\n<ul>\n<li>Conocer\u00e1n sobre el derecho positivo, las normas, naturaleza, valores y ordenamiento del derecho de autor en su modalidad patrimonial y moral.<\/li>\n<li>Analizar\u00e1n problemas jur\u00eddicos y sistemas complejos en lo referente al sistema de Derechos de Autor.<\/li>\n<li>Aprender\u00e1n a proponer soluciones a problemas jur\u00eddicos evaluando cr\u00edticamente la adecuaci\u00f3n de las normas vigentes al mundo contempor\u00e1neo.<\/li>\n<li>Aplicar\u00e1n conceptos b\u00e1sicos y figuras jur\u00eddicas que integran la protecci\u00f3n a derechos de autor mediante el desarrollo de las destrezas propias de la disciplina.<\/li>\n<\/ul>\n<h2><span id=\"IIILibro-y-Materiales\"><strong>III.\u00a0\u00a0\u00a0\u00a0\u00a0\u00a0\u00a0\u00a0\u00a0\u00a0\u00a0<\/strong><strong>Libro y Materiales<\/strong><strong>\u00a0<\/strong><\/span><\/h2>\n<ul>\n<li><strong>Joyce, et al., Copyright Law, 9na Edici\u00f3n (<\/strong><strong>2013)<\/strong><\/li>\n<li><b>Suplemento\u00a0Joyce, et al., Copyright Law, 9na Edici\u00f3n (2013)<\/b><\/li>\n<li><strong>Otros materiales a distribuirse.<\/strong><\/li>\n<\/ul>\n<p><strong>*\u00a0<\/strong>P\u00e1ginas en par\u00e9ntesis ( \u00a0) en el documento de <strong>Distribuci\u00f3n de Clases<\/strong>\u00a0(ver infra) s\u00f3lo deben ser\u00a0<strong>revisadas.\u00a0<\/strong>Dem\u00e1s p\u00e1ginas, deber\u00e1n leerse con cuidado. \u00a0<strong>Nota sobre c\u00f3mo deben tratar el material identificado entre par\u00e9ntesis<\/strong>. Est\u00e1 en una zona gris: no es opcional, pero tampoco deben leerlo con cuidado. La intenci\u00f3n es que lo ojeen; que pasen las p\u00e1ginas con noci\u00f3n de lo que se incluye en ellas. A veces har\u00e9 referencia a alg\u00fan material all\u00ed, a veces lo ignoraremos. Generalmente, no lo discutimos en clase, y tampoco viene en el examen (a menos que le dediquemos tiempo sustancial en clase).<\/p>\n<h2><span id=\"IVEvaluacin\"><strong>IV.\u00a0\u00a0\u00a0\u00a0\u00a0\u00a0\u00a0\u00a0\u00a0\u00a0\u00a0<\/strong><strong>Evaluaci\u00f3n<\/strong><\/span><\/h2>\n<p>El m\u00e9todo de evaluaci\u00f3n constar\u00e1 de un examen al final del semestre. Para fines de la calificaci\u00f3n final, se tomar\u00e1 en cuenta la asistencia y la participaci\u00f3n informada en clase. Se observar\u00e1n rigurosamente las normas para la otorgaci\u00f3n y remoci\u00f3n de Incompletos (ver cat\u00e1logo de la Escuela de Derecho). Los Incompletos son una excepci\u00f3n y como tal se evaluar\u00e1n.<\/p>\n<h2><span id=\"V-Registro-Electrnico\"><strong>V. \u00a0\u00a0\u00a0\u00a0\u00a0\u00a0 Registro Electr\u00f3nico<\/strong><\/span><\/h2>\n<p>El prontuario as\u00ed como cualquier otra informaci\u00f3n pertinente estar\u00e1 disponible en\u00a0<a href=\"http:\/\/www.elplandehiram.org\/derechosdeautor\">www.elplandehiram.org\/derechosdeautor<\/a><\/p>\n<p>El primer d\u00eda de clases cada estudiante debe enviar un email a\u00a0<a href=\"http:\/\/www.google.com\/recaptcha\/mailhide\/d?k=015vwb03bsNdEec_nuSmAWRA==&amp;c=S54IH-P80S8yPI81HXr4ixls_1OHJ6a3jZsyXYP07Mc=\">la direcci\u00f3n de email en este enlace<\/a>\u00a0con la siguiente frase en el asunto (<strong>sin comillas<\/strong>) \u201c<strong>dereautor2013A<\/strong>\u201d.\u00a0 \u00a0El profesor avisar\u00e1 por correo electr\u00f3nico sobre cambios en el programa y asuntos relacionados a la clase. Estos avisos se enviar\u00e1n a la direcci\u00f3n que el estudiante utiliz\u00f3 en ese email inicial. \u00a0Se presumir\u00e1 que todo env\u00edo \u00a0a esa direcci\u00f3n es recibido correctamente.<\/p>\n<h2><span id=\"VI-Necesidades-especiales\"><strong>VI. \u00a0\u00a0\u00a0\u00a0 Necesidades especiales<\/strong><\/span><\/h2>\n<p>De tener necesidades especiales, no dude en comunicarse conmigo personalmente o por v\u00eda electr\u00f3nica para hacer los ajustes necesarios y lograr el acomodo razonable seg\u00fan las normas y reglamentos de la instituci\u00f3n.<\/p>\n<p>&nbsp;<\/p>\n<p style=\"margin: 12px auto 6px auto; font-family: Helvetica,Arial,Sans-serif; font-style: normal; font-variant: normal; font-weight: normal; font-size: 14px; line-height: normal; font-size-adjust: none; font-stretch: normal; -x-system-font: none; display: block;\"><a style=\"text-decoration: underline;\" title=\"View Distribuci\u00f3n de Clases_Agosto2013 on Scribd\" href=\"http:\/\/www.scribd.com\/doc\/157522805\/Distribucion-de-Clases-Agosto2013\">Distribuci\u00f3n de Clases_Agosto2013<\/a> by <a style=\"text-decoration: underline;\" title=\"View Hiram Mel\u00e9ndez Juarbe's profile on Scribd\" href=\"http:\/\/www.scribd.com\/elplandehiram\">Hiram Mel\u00e9ndez Juarbe<\/a><\/p>\n<p><iframe loading=\"lazy\" id=\"doc_52731\" src=\"\/\/www.scribd.com\/embeds\/157522805\/content?start_page=1&amp;view_mode=scroll&amp;access_key=key-165h68oiz6frcz7x6led&amp;show_recommendations=true\" height=\"600\" width=\"100%\" frameborder=\"0\" scrolling=\"no\" data-auto-height=\"false\" data-aspect-ratio=\"0.772922022279349\"><\/iframe>   <\/p>\n","protected":false},"excerpt":{"rendered":"<p>Prof. Hiram Mel\u00e9ndez Juarbe * AVISO: Las lecturas correspondientes a las primeras dos sesiones est\u00e1n disponibles en la Reserva Electr\u00f3nica de la Escuela. Debe notar que las p\u00e1ginas en la reserva digital corresponden a la edici\u00f3n anterior del libro. Para el resto del curso es indispensable adquirir la edici\u00f3n m\u00e1s reciente.\u00a0 Sesiones:\u00a0\u00a0 Martes y Viernes: &hellip; <a href=\"http:\/\/elplandehiram.org\/?page_id=370\" class=\"more-link\">Continue reading <span class=\"screen-reader-text\">Derechos de Autor Primer Semestre 2013-2014<\/span> <span class=\"meta-nav\">&rarr;<\/span><\/a><\/p>\n","protected":false},"author":1,"featured_media":0,"parent":403,"menu_order":0,"comment_status":"closed","ping_status":"closed","template":"","meta":[],"_links":{"self":[{"href":"http:\/\/elplandehiram.org\/index.php?rest_route=\/wp\/v2\/pages\/370"}],"collection":[{"href":"http:\/\/elplandehiram.org\/index.php?rest_route=\/wp\/v2\/pages"}],"about":[{"href":"http:\/\/elplandehiram.org\/index.php?rest_route=\/wp\/v2\/types\/page"}],"author":[{"embeddable":true,"href":"http:\/\/elplandehiram.org\/index.php?rest_route=\/wp\/v2\/users\/1"}],"replies":[{"embeddable":true,"href":"http:\/\/elplandehiram.org\/index.php?rest_route=%2Fwp%2Fv2%2Fcomments&post=370"}],"version-history":[{"count":19,"href":"http:\/\/elplandehiram.org\/index.php?rest_route=\/wp\/v2\/pages\/370\/revisions"}],"predecessor-version":[{"id":669,"href":"http:\/\/elplandehiram.org\/index.php?rest_route=\/wp\/v2\/pages\/370\/revisions\/669"}],"up":[{"embeddable":true,"href":"http:\/\/elplandehiram.org\/index.php?rest_route=\/wp\/v2\/pages\/403"}],"wp:attachment":[{"href":"http:\/\/elplandehiram.org\/index.php?rest_route=%2Fwp%2Fv2%2Fmedia&parent=370"}],"curies":[{"name":"wp","href":"https:\/\/api.w.org\/{rel}","templated":true}]}}