{"id":367,"date":"2013-01-08T21:35:36","date_gmt":"2013-01-08T21:35:36","guid":{"rendered":"http:\/\/elplandehiram.org\/?page_id=367"},"modified":"2013-02-28T23:24:48","modified_gmt":"2013-02-28T23:24:48","slug":"teoria-del-derecho-segundo-semestre-2012-2013","status":"publish","type":"page","link":"http:\/\/elplandehiram.org\/?page_id=367","title":{"rendered":"Teor\u00eda del Derecho: Segundo Semestre 2012-2013"},"content":{"rendered":"<p align=\"center\"><strong>Prof. Hiram Mel\u00e9ndez Juarbe<\/strong><\/p>\n<p style=\"text-align: left;\" align=\"center\"><span style=\"color: #ff0000;\"><strong>AVISO:<\/strong><\/span> La lectura para la primera clase del martes, 15 de enero de 2013 est\u00e1 disponible en\u00a0<a href=\"http:\/\/elplandehiram.org\/wp-content\/uploads\/2012\/01\/TEORIA_Lectura-Primera-Clase.pdf\">este enlace<\/a>.<\/p>\n<p style=\"text-align: left;\" align=\"center\"><strong>Sesiones:<\/strong><strong>\u00a0<\/strong>Martes y Jueves: 8:00pm-9:20pm,\u00a0Sal\u00f3n L-5<\/p>\n<p><strong>Horas de Oficina:\u00a0<\/strong>Mi\u00e9rcoles 10:00am-5:00pm, por cita<\/p>\n<p><strong>I. \u00a0\u00a0\u00a0\u00a0\u00a0\u00a0\u00a0\u00a0 Descripci\u00f3n del Curso<\/strong><\/p>\n<p>Examina los temas y los problemas fundamentales de la teor\u00eda del Derecho, entre ellos las concepciones del Derecho, la validez o legitimidad de las normas, los problemas de metodolog\u00eda jur\u00eddica, los conceptos claves del orden jur\u00eddico prevaleciente, y las relaciones entre Derecho, el poder, la estructura social y la ideolog\u00eda. Discute estos temas mediante el examen de los aportes de las diversas escuelas y corrientes de pensamiento jur\u00eddico, con particular \u00e9nfasis en los desarrollos m\u00e1s recientes en la disciplina.<\/p>\n<p><strong>II.\u00a0\u00a0\u00a0\u00a0\u00a0\u00a0\u00a0 Libros y Materiales<\/strong><\/p>\n<ul>\n<li><strong>M.D.A. Freeman, LLoyd\u2019s Introduction to Jurisprudence (8va Edici\u00f3n 2008).<\/strong><\/li>\n<li><strong>H.L.A. Hart, The Concept of Law (2da o 3ra Edci\u00f3n)<\/strong><\/li>\n<li><strong>Christopher Heath Wellman &amp; A. John Simmons, Is There a Duty to Obey the Law? (2005)<\/strong><\/li>\n<li><strong>Robin West, Normative Jurisprudence: An Introduction (2011)<\/strong><\/li>\n<li><strong>Lecturas Adicionales en Reserva Electr\u00f3nica<\/strong><\/li>\n<\/ul>\n<p><strong>\u00a0<\/strong><\/p>\n<p><strong>III.\u00a0\u00a0\u00a0\u00a0\u00a0\u00a0 Registro Electr\u00f3nico<\/strong><\/p>\n<p>El prontuario as\u00ed como cualquier otra informaci\u00f3n pertinente estar\u00e1 disponible en\u00a0<a href=\"http:\/\/www.elplandehiram.org\/teoriadelderecho\">www.elplandehiram.org\/teoriadelderecho<\/a><\/p>\n<p>El primer d\u00eda de clases cada estudiante debe enviar un email a\u00a0<a href=\"http:\/\/www.google.com\/recaptcha\/mailhide\/d?k=01l7vNKhCF9joDB15RcUcqsw==&amp;c=VuYRn9VgaS6hFlor0zgN2D5p5JFzTzkiZxY3EbBPFmc=\">esta direcci\u00f3n electr\u00f3nica<\/a>\u00a0con la siguiente frase en el asunto (sin comillas) \u201c<strong>teoria2012B<\/strong>\u201d.\u00a0\u00a0 El profesor avisar\u00e1 por correo electr\u00f3nico sobre cambios en el programa y asuntos relacionados a la clase. Estos avisos se enviar\u00e1n a la direcci\u00f3n que el estudiante utiliz\u00f3 en ese email inicial.\u00a0 <strong>El profesor presumir\u00e1 que todo env\u00edo\u00a0 a esa direcci\u00f3n es recibido correctamente<\/strong>.<\/p>\n<p><strong>IV.\u00a0\u00a0\u00a0\u00a0\u00a0\u00a0 Evaluaci\u00f3n<\/strong><\/p>\n<p>El m\u00e9todo de evaluaci\u00f3n constar\u00e1 de un examen al final del semestre en el d\u00eda y a la hora establecido por la administraci\u00f3n de la Escuela de Derecho. <strong><br \/>\n<\/strong><\/p>\n<p>Para fines de la calificaci\u00f3n final, se tomar\u00e1 en cuenta la asistencia y la participaci\u00f3n informada en clase. Se observar\u00e1n rigurosamente las normas para la otorgaci\u00f3n y remoci\u00f3n de Incompletos (ver cat\u00e1logo de la Escuela de Derecho). Los Incompletos son una excepci\u00f3n y como tal se evaluar\u00e1n.<\/p>\n<p>El profesor podr\u00e1 a\u00f1adir otros mecanismos de evaluaci\u00f3n durante el semestre, tales como ensayos cr\u00edticos de reacci\u00f3n.<\/p>\n<p><strong>V.\u00a0 \u00a0\u00a0\u00a0\u00a0\u00a0 Necesidades especiales<\/strong><\/p>\n<p>De tener necesidades especiales, no dude en comunicarse conmigo personalmente o por v\u00eda electr\u00f3nica para hacer los ajustes necesarios y lograr el acomodo razonable seg\u00fan las normas y reglamentos de la instituci\u00f3n.<\/p>\n<p style=\"margin: 12px auto 6px; font-family: Helvetica, Arial, sans-serif; font-style: normal; font-variant: normal; font-weight: normal; font-size: 14px; line-height: normal; display: block; text-align: center;\"><a style=\"text-decoration: underline;\" title=\"View Bosquejo Tem\u00e1tico y Lecturas Teor\u00eda_2do Sem_2012-2013 on Scribd\" href=\"http:\/\/www.scribd.com\/doc\/119559176\/Bosquejo-Tematico-y-Lecturas-Teoria-2do-Sem-2012-2013\">Bosquejo Tem\u00e1tico y Lecturas Teor\u00eda_2do Sem_2012-2013<\/a><a style=\"text-decoration: underline;\" title=\"View Hiram Mel\u00e9ndez Juarbe's profile on Scribd\" href=\"http:\/\/es.scribd.com\/elplandehiram\"><br \/>\n<\/a><\/p>\n<p><iframe loading=\"lazy\" id=\"doc_66741\" src=\"http:\/\/www.scribd.com\/embeds\/119559176\/content?start_page=1&amp;view_mode=scroll&amp;access_key=key-2052sayoe745bel5o1vo\" height=\"600\" width=\"100%\" frameborder=\"0\" scrolling=\"no\" data-auto-height=\"false\" data-aspect-ratio=\"0.772727272727273\"><\/iframe><\/p>\n<figure id=\"attachment_420\" aria-describedby=\"caption-attachment-420\" style=\"width: 1281px\" class=\"wp-caption aligncenter\"><a href=\"http:\/\/elplandehiram.org\/wp-content\/uploads\/2013\/01\/290887_10150979524760588_97906730_o1.jpg\"><img decoding=\"async\" loading=\"lazy\" class=\" wp-image-420 \" title=\"La puerta de la desconfianza\" alt=\"La puerta de la desconfianza\" src=\"http:\/\/elplandehiram.org\/wp-content\/uploads\/2013\/01\/290887_10150979524760588_97906730_o1.jpg\" width=\"1281\" height=\"2048\" srcset=\"http:\/\/elplandehiram.org\/wp-content\/uploads\/2013\/01\/290887_10150979524760588_97906730_o1.jpg 1281w, http:\/\/elplandehiram.org\/wp-content\/uploads\/2013\/01\/290887_10150979524760588_97906730_o1-187x300.jpg 187w, http:\/\/elplandehiram.org\/wp-content\/uploads\/2013\/01\/290887_10150979524760588_97906730_o1-640x1024.jpg 640w\" sizes=\"(max-width: 1281px) 100vw, 1281px\" \/><\/a><figcaption id=\"caption-attachment-420\" class=\"wp-caption-text\">La puerta de la desconfianza. Cuando la arquitectura forja sustancia.<\/figcaption><\/figure>\n","protected":false},"excerpt":{"rendered":"<p>Prof. Hiram Mel\u00e9ndez Juarbe AVISO: La lectura para la primera clase del martes, 15 de enero de 2013 est\u00e1 disponible en\u00a0este enlace. Sesiones:\u00a0Martes y Jueves: 8:00pm-9:20pm,\u00a0Sal\u00f3n L-5 Horas de Oficina:\u00a0Mi\u00e9rcoles 10:00am-5:00pm, por cita I. \u00a0\u00a0\u00a0\u00a0\u00a0\u00a0\u00a0\u00a0 Descripci\u00f3n del Curso Examina los temas y los problemas fundamentales de la teor\u00eda del Derecho, entre ellos las concepciones del &hellip; <a href=\"http:\/\/elplandehiram.org\/?page_id=367\" class=\"more-link\">Continue reading <span class=\"screen-reader-text\">Teor\u00eda del Derecho: Segundo Semestre 2012-2013<\/span> <span class=\"meta-nav\">&rarr;<\/span><\/a><\/p>\n","protected":false},"author":1,"featured_media":0,"parent":404,"menu_order":0,"comment_status":"closed","ping_status":"closed","template":"","meta":[],"_links":{"self":[{"href":"http:\/\/elplandehiram.org\/index.php?rest_route=\/wp\/v2\/pages\/367"}],"collection":[{"href":"http:\/\/elplandehiram.org\/index.php?rest_route=\/wp\/v2\/pages"}],"about":[{"href":"http:\/\/elplandehiram.org\/index.php?rest_route=\/wp\/v2\/types\/page"}],"author":[{"embeddable":true,"href":"http:\/\/elplandehiram.org\/index.php?rest_route=\/wp\/v2\/users\/1"}],"replies":[{"embeddable":true,"href":"http:\/\/elplandehiram.org\/index.php?rest_route=%2Fwp%2Fv2%2Fcomments&post=367"}],"version-history":[{"count":11,"href":"http:\/\/elplandehiram.org\/index.php?rest_route=\/wp\/v2\/pages\/367\/revisions"}],"predecessor-version":[{"id":369,"href":"http:\/\/elplandehiram.org\/index.php?rest_route=\/wp\/v2\/pages\/367\/revisions\/369"}],"up":[{"embeddable":true,"href":"http:\/\/elplandehiram.org\/index.php?rest_route=\/wp\/v2\/pages\/404"}],"wp:attachment":[{"href":"http:\/\/elplandehiram.org\/index.php?rest_route=%2Fwp%2Fv2%2Fmedia&parent=367"}],"curies":[{"name":"wp","href":"https:\/\/api.w.org\/{rel}","templated":true}]}}