{"id":1828,"date":"2019-05-17T10:38:18","date_gmt":"2019-05-17T14:38:18","guid":{"rendered":"http:\/\/elplandehiram.org\/?page_id=1828"},"modified":"2024-02-29T08:35:53","modified_gmt":"2024-02-29T12:35:53","slug":"seminarios-y-talleres","status":"publish","type":"page","link":"http:\/\/elplandehiram.org\/?page_id=1828","title":{"rendered":"Seminarios y Talleres"},"content":{"rendered":"<div id=\"toc-np-container\"><p id=\"toc-np-title\">Contenido<\/p><ul class=\"no-bullets\"><li class=\"header-level-1\"><a href=\"http:\/\/elplandehiram.org\/?page_id=1828#2023\">2023<\/a><\/li><li class=\"header-level-2\"><a href=\"http:\/\/elplandehiram.org\/?page_id=1828#Derechos-de-autoras-y-uso-justo-en-la-educacin-no-presencial-CEA-7-diciembre-2023-repetido-29-feb-2024\">Derechos de autoras y uso justo en la educaci\u00f3n no presencial (CEA), 7 diciembre 2023 (repetido 29 feb 2024)<\/a><\/li><li class=\"header-level-1\"><a href=\"http:\/\/elplandehiram.org\/?page_id=1828#2022\">2022<\/a><\/li><li class=\"header-level-2\"><a href=\"http:\/\/elplandehiram.org\/?page_id=1828#Tecnopoltica-y-derecho-en-una-sociedad-digitalmente-interconectada-15-de-marzo-de-2022-Universidad-de-Puerto-Rico-en-Aguadilla-Biblioteca-Enrique-A-Laguerre\">Tecnopol\u00edtica y derecho en una sociedad digitalmente interconectada, 15 de marzo de 2022, Universidad de Puerto Rico en Aguadilla, Biblioteca Enrique A. Laguerre<\/a><\/li><li class=\"header-level-2\"><a href=\"http:\/\/elplandehiram.org\/?page_id=1828#Derecho-Constitucional-y-el-Verano-de-2019-5-de-marzo-de-2022-ENLACE\">Derecho Constitucional y el Verano de 2019 (5 de marzo de 2022), ENLACE<\/a><\/li><li class=\"header-level-1\"><a href=\"http:\/\/elplandehiram.org\/?page_id=1828#2021\">2021<\/a><\/li><li class=\"header-level-2\"><a href=\"http:\/\/elplandehiram.org\/?page_id=1828#Derechos-de-Autoras-y-la-Enseanza-en-Lnea-4-de-agosto-de-2021-Facultad-de-Estudios-Generales-UPRRP-Academia-de-Verano\">Derechos de Autoras y la Ense\u00f1anza en L\u00ednea (4 de agosto de 2021), Facultad de Estudios Generales UPRRP (Academia de Verano) <\/a><\/li><li class=\"header-level-2\"><a href=\"http:\/\/elplandehiram.org\/?page_id=1828#Derecho-Constitucional-y-el-Verano-de-2019-20-de-junio-de-2021-Prelaw-Undergraduate-Scholars-PLUS-Program\">Derecho Constitucional y el Verano de 2019 (20 de junio de 2021), Prelaw Undergraduate Scholars (PLUS) Program<\/a><\/li><li class=\"header-level-2\"><a href=\"http:\/\/elplandehiram.org\/?page_id=1828#Derechos-de-autor-y-fair-use-en-la-enseanza-en-lnea-17-de-febrero-de-2021-Escuela-Elemental-Ramn-Mara-Torres\">Derechos de autor y \u201cfair use\u201d en la ense\u00f1anza en l\u00ednea  (17 de febrero de 2021), Escuela Elemental Ram\u00f3n Mar\u00eda Torres<\/a><\/li><li class=\"header-level-1\"><a href=\"http:\/\/elplandehiram.org\/?page_id=1828#2020\">2020<\/a><\/li><li class=\"header-level-2\"><a href=\"http:\/\/elplandehiram.org\/?page_id=1828#Derechos-de-autor-y-fair-use-en-la-enseanza-en-lnea-26-de-junio-de-2020-Recinto-de-Ro-Piedras-Universidad-de-Puerto-Rico\">Derechos de autor y \u201cfair use\u201d en la ense\u00f1anza en l\u00ednea  (26 de junio de 2020), Recinto de R\u00edo Piedras Universidad de Puerto Rico.<\/a><\/li><li class=\"header-level-2\"><a href=\"http:\/\/elplandehiram.org\/?page_id=1828#Derechos-de-autor-y-fair-use-en-la-enseanza-en-lnea-de-emergencia-24-de-abril-de-2020-Centro-para-la-Investigacin-e-Innovacin-de-Posgrado-GRIC-de-la-Biblioteca-General-del-Recinto-Universitario-de-Mayagez\">Derechos de autor y \u201cfair use\u201d en la ense\u00f1anza en l\u00ednea de emergencia (24 de abril de 2020), Centro para la Investigaci\u00f3n e Innovaci\u00f3n de Posgrado (GRIC) de la Biblioteca General del Recinto Universitario de Mayag\u00fcez.<\/a><\/li><li class=\"header-level-1\"><a href=\"http:\/\/elplandehiram.org\/?page_id=1828#2019\">2019<\/a><\/li><li class=\"header-level-2\"><a href=\"http:\/\/elplandehiram.org\/?page_id=1828#Rethinking-Puerto-Rican-Political-and-Social-MovementsnbspA-view-from-the-Constitution-25-de-octubre-de-2019-UFL\">Rethinking Puerto Rican Political and Social Movements:&nbsp;A view from the Constitution, 25 de octubre de 2019 (UFL)<\/a><\/li><li class=\"header-level-2\"><a href=\"http:\/\/elplandehiram.org\/?page_id=1828#Anlisis-de-Trmino-17-de-mayo-de-2019-Academia-Judicial\">An\u00e1lisis de T\u00e9rmino, 17 de mayo de 2019, Academia Judicial<\/a><\/li><li class=\"header-level-2\"><a href=\"http:\/\/elplandehiram.org\/?page_id=1828#Derechos-de-Autor-26-de-abril-de-2019-Asociacin-de-Profesores-de-Educacin-Comercial-de-Puerto-Rico\">Derechos de Autor, 26 de abril de 2019, Asociaci\u00f3n de Profesores de Educaci\u00f3n Comercial de Puerto Rico<\/a><\/li><li class=\"header-level-1\"><a href=\"http:\/\/elplandehiram.org\/?page_id=1828#2018\">2018<\/a><\/li><li class=\"header-level-2\"><a href=\"http:\/\/elplandehiram.org\/?page_id=1828#Derechos-y-Reveses-de-lo-Humano-Perspectivas-desde-el-derecho-16-de-noviembre-de-2018\">Derechos y Reveses de lo Humano: Perspectivas desde el derecho, 16 de noviembre de 2018<\/a><\/li><li class=\"header-level-2\"><a href=\"http:\/\/elplandehiram.org\/?page_id=1828#Understanding-the-USPR-Constitutional-Relationship-University-of-Maryland-Law-School-October-2018\">Understanding the US\/PR Constitutional Relationship, University of Maryland Law School, October 2018<\/a><\/li><li class=\"header-level-2\"><a href=\"http:\/\/elplandehiram.org\/?page_id=1828#Taller-LLM-Investigacin-29-septiembre-2018\">Taller LLM Investigaci\u00f3n, 29 septiembre 2018<\/a><\/li><li class=\"header-level-2\"><a href=\"http:\/\/elplandehiram.org\/?page_id=1828#Anlisis-de-Trmino-Derecho-Constitucional-2016-2017\">An\u00e1lisis de T\u00e9rmino Derecho Constitucional 2016-2017<\/a><\/li><li class=\"header-level-1\"><a href=\"http:\/\/elplandehiram.org\/?page_id=1828#2017\">2017<\/a><\/li><li class=\"header-level-2\"><a href=\"http:\/\/elplandehiram.org\/?page_id=1828#Anlisis-de-Trmino-Derecho-Constitucional-2016-2017\">An\u00e1lisis de T\u00e9rmino Derecho Constitucional 2016-2017<\/a><\/li><li class=\"header-level-1\"><a href=\"http:\/\/elplandehiram.org\/?page_id=1828#2015\">2015<\/a><\/li><li class=\"header-level-2\"><a href=\"http:\/\/elplandehiram.org\/?page_id=1828#Fair-Use-PresentacinnbspEstudios-Generales-Recinto-de-Ro-PiedrasnbspUPR\">Fair Use (Presentaci\u00f3n&nbsp;Estudios Generales Recinto de R\u00edo Piedras,&nbsp;UPR)<\/a><\/li><li class=\"header-level-2\"><a href=\"http:\/\/elplandehiram.org\/?page_id=1828#Derechos-de-Autor-en-un-Entorno-Digital-UPR\">Derechos de Autor en un Entorno Digital (UPR)<\/a><\/li><li class=\"header-level-1\"><a href=\"http:\/\/elplandehiram.org\/?page_id=1828#2014\">2014<\/a><\/li><li class=\"header-level-2\"><a href=\"http:\/\/elplandehiram.org\/?page_id=1828#Fair-Use\">Fair Use<\/a><\/li><li class=\"header-level-2\"><a href=\"http:\/\/elplandehiram.org\/?page_id=1828#Derechos-de-Autor-en-un-Entorno-Digital-UPR\">Derechos de Autor en un Entorno Digital (UPR)<\/a><\/li><li class=\"header-level-2\"><a href=\"http:\/\/elplandehiram.org\/?page_id=1828#Derechos-de-Autor-en-un-Entorno-Digital-Argentina\">Derechos de Autor en un Entorno Digital (Argentina)<\/a><\/li><li class=\"header-level-2\"><a href=\"http:\/\/elplandehiram.org\/?page_id=1828#Derechos-Morales-Perspectivas-Crticas-y-Licencias-Creative-Commons\">Derechos Morales: Perspectivas Cr\u00edticas y Licencias Creative Commons<\/a><\/li><li class=\"header-level-2\"><a href=\"http:\/\/elplandehiram.org\/?page_id=1828#Teora-y-Fundamentos-de-los-Derechos-de-Autor\">Teor\u00eda y Fundamentos de los Derechos de Autor<\/a><\/li><li class=\"header-level-2\"><a href=\"http:\/\/elplandehiram.org\/?page_id=1828#Derechos-de-Autor\">Derechos de Autor<\/a><\/li><li class=\"header-level-2\"><a href=\"http:\/\/elplandehiram.org\/?page_id=1828#Derechos-de-Autor-y-Propia-Imagen\">Derechos de Autor y Propia Imagen<\/a><\/li><li class=\"header-level-1\"><a href=\"http:\/\/elplandehiram.org\/?page_id=1828#2012\">2012<\/a><\/li><li class=\"header-level-2\"><a href=\"http:\/\/elplandehiram.org\/?page_id=1828#Seminario-Derecho-e-Internet-PARTE-1-Derechos-de-Autor-en-la-Era-Digital\">Seminario Derecho e Internet: PARTE 1-Derechos de Autor en la Era Digital<\/a><\/li><li class=\"header-level-2\"><a href=\"http:\/\/elplandehiram.org\/?page_id=1828#Seminario-Derecho-e-Internet-PARTE-2-La-Propiedad-Intelectual\">Seminario Derecho e Internet: PARTE 2-La Propiedad Intelectual<\/a><\/li><li class=\"header-level-2\"><a href=\"http:\/\/elplandehiram.org\/?page_id=1828#Seminario-Derecho-y-Redes-Sociales\">Seminario Derecho y Redes Sociales<\/a><\/li><li class=\"header-level-2\"><a href=\"http:\/\/elplandehiram.org\/?page_id=1828#Presentacin-Centro-Para-Puerto-Rico-Derecho-de-Internet-y-Propiedad-Intelectual-para-Comunidad-Archivstica-y-servicios-de-informacin-26-de-abril-de-2012\">Presentaci\u00f3n Centro Para Puerto Rico, Derecho de Internet y Propiedad Intelectual para Comunidad Archiv\u00edstica y servicios de informaci\u00f3n, 26 de abril de 2012<\/a><\/li><\/ul><\/div>\n\n\n\n<h2 class=\"wp-block-heading\"><span id=\"2023\">2023<\/span><\/h2>\n\n\n\n<h3 class=\"wp-block-heading\"><span id=\"Derechos-de-autoras-y-uso-justo-en-la-educacin-no-presencial-CEA-7-diciembre-2023-repetido-29-feb-2024\">Derechos de autoras y uso justo en la educaci\u00f3n no presencial (CEA), 7 diciembre 2023 (repetido 29 feb 2024)<\/span><\/h3>\n\n\n\n<p class=\"wp-block-pdfemb-pdf-embedder-viewer\"><\/p>\n\n\n\n<figure class=\"wp-block-gallery has-nested-images columns-default is-cropped wp-block-gallery-1 is-layout-flex\"><\/figure>\n\n\n\n<h2 class=\"wp-block-heading\"><span id=\"2022\">2022<\/span><\/h2>\n\n\n\n<h3 class=\"wp-block-heading\"><span id=\"Tecnopoltica-y-derecho-en-una-sociedad-digitalmente-interconectada-15-de-marzo-de-2022-Universidad-de-Puerto-Rico-en-Aguadilla-Biblioteca-Enrique-A-Laguerre\"><br>Tecnopol\u00edtica y derecho en una sociedad digitalmente interconectada, 15 de marzo de 2022, Universidad de Puerto Rico en Aguadilla, Biblioteca Enrique A. Laguerre<\/span><\/h3>\n\n\n\n<ul>\n<li><a href=\"http:\/\/elplandehiram.org\/wp-content\/uploads\/2022\/03\/Tecnopoli\u0301tica-y-derecho-en-una-sociedad-digitalmente-interconectada.pdf\">Presentaci\u00f3n Power Point<\/a><\/li>\n<\/ul>\n\n\n\n<h3 class=\"wp-block-heading\"><span id=\"Derecho-Constitucional-y-el-Verano-de-2019-5-de-marzo-de-2022-ENLACE\">Derecho Constitucional y el Verano de 2019 (5 de marzo de 2022), ENLACE<\/span><\/h3>\n\n\n\n<ul>\n<li><a href=\"http:\/\/elplandehiram.org\/wp-content\/uploads\/2022\/03\/Verano-2019-y-Constitucio\u0301n.pdf\">Presentaci\u00f3n Power Point<\/a><\/li>\n<\/ul>\n\n\n\n<h2 class=\"wp-block-heading\"><span id=\"2021\">2021<\/span><\/h2>\n\n\n\n<h3 class=\"wp-block-heading\"><span id=\"Derechos-de-Autoras-y-la-Enseanza-en-Lnea-4-de-agosto-de-2021-Facultad-de-Estudios-Generales-UPRRP-Academia-de-Verano\">Derechos de Autoras y la Ense\u00f1anza en L\u00ednea (4 de agosto de 2021), Facultad de Estudios Generales UPRRP (Academia de Verano) <\/span><\/h3>\n\n\n\n<ul>\n<li><a href=\"http:\/\/elplandehiram.org\/wp-content\/uploads\/2021\/08\/Derechos-de-Autor-en-Li\u0301nea-4-agosto-2021.pdf\">Presentaci\u00f3n Power Point<\/a> <\/li>\n<\/ul>\n\n\n\n<h3 class=\"wp-block-heading\"><span id=\"Derecho-Constitucional-y-el-Verano-de-2019-20-de-junio-de-2021-Prelaw-Undergraduate-Scholars-PLUS-Program\">Derecho Constitucional y el Verano de 2019 (20 de junio de 2021), Prelaw Undergraduate Scholars (PLUS) Program<\/span><\/h3>\n\n\n\n<ul>\n<li><a href=\"http:\/\/elplandehiram.org\/wp-content\/uploads\/2021\/07\/Verano-2019-y-Constitucio\u0301n.pdf\">Presentaci\u00f3n Power Point<\/a><\/li>\n<\/ul>\n\n\n\n<h3 class=\"wp-block-heading\"><span id=\"Derechos-de-autor-y-fair-use-en-la-enseanza-en-lnea-17-de-febrero-de-2021-Escuela-Elemental-Ramn-Mara-Torres\">Derechos de autor y \u201cfair use\u201d en la ense\u00f1anza en l\u00ednea  (17 de febrero de 2021), Escuela Elemental Ram\u00f3n Mar\u00eda Torres<\/span><\/h3>\n\n\n\n<ul>\n<li><a href=\"http:\/\/elplandehiram.org\/wp-content\/uploads\/2021\/02\/Derechos-de-Autor-en-Li\u0301nea-17-febrero-2021.pdf\">Presentaci\u00f3n Power Point<\/a><\/li>\n<\/ul>\n\n\n\n<h2 class=\"wp-block-heading\"><span id=\"2020\">2020<\/span><\/h2>\n\n\n\n<h3 class=\"wp-block-heading\"><span id=\"Derechos-de-autor-y-fair-use-en-la-enseanza-en-lnea-26-de-junio-de-2020-Recinto-de-Ro-Piedras-Universidad-de-Puerto-Rico\">Derechos de autor y \u201cfair use\u201d en la ense\u00f1anza en l\u00ednea  (26 de junio de 2020), Recinto de R\u00edo Piedras Universidad de Puerto Rico.<\/span><\/h3>\n\n\n\n<ul>\n<li><a href=\"http:\/\/elplandehiram.org\/wp-content\/uploads\/2020\/06\/Derechos-de-Autor-en-Li\u0301nea-26junio2020_rev.pdf\">Presentaci\u00f3n Power Point<\/a> (rev)<\/li>\n<\/ul>\n\n\n\n<h3 class=\"wp-block-heading\"><span id=\"Derechos-de-autor-y-fair-use-en-la-enseanza-en-lnea-de-emergencia-24-de-abril-de-2020-Centro-para-la-Investigacin-e-Innovacin-de-Posgrado-GRIC-de-la-Biblioteca-General-del-Recinto-Universitario-de-Mayagez\">Derechos de autor y \u201cfair use\u201d en la ense\u00f1anza en l\u00ednea de emergencia (24 de abril de 2020), Centro para la Investigaci\u00f3n e Innovaci\u00f3n de Posgrado (GRIC) de la Biblioteca General del Recinto Universitario de Mayag\u00fcez.<\/span><\/h3>\n\n\n\n<ul>\n<li><a href=\"http:\/\/elplandehiram.org\/wp-content\/uploads\/2020\/04\/Fair-Use-y-Emergencia_24-Abril-.pdf\">Presentaci\u00f3n Power Point<\/a><\/li>\n<\/ul>\n\n\n\n<h2 class=\"wp-block-heading\"><span id=\"2019\">2019<\/span><\/h2>\n\n\n\n<h3 class=\"wp-block-heading\"><span id=\"Rethinking-Puerto-Rican-Political-and-Social-MovementsnbspA-view-from-the-Constitution-25-de-octubre-de-2019-UFL\">Rethinking Puerto Rican Political and Social Movements:&nbsp;A view from the Constitution, 25 de octubre de 2019 (UFL)<\/span><\/h3>\n\n\n\n<ul>\n<li><a href=\"http:\/\/elplandehiram.org\/wp-content\/uploads\/2019\/10\/PresentationHMJ.pptx\">Presentaci\u00f3n Power Point<\/a><\/li>\n<\/ul>\n\n\n\n<h3 class=\"wp-block-heading\"><span id=\"Anlisis-de-Trmino-17-de-mayo-de-2019-Academia-Judicial\">An\u00e1lisis de T\u00e9rmino, 17 de mayo de 2019, Academia Judicial<\/span><\/h3>\n\n\n\n<ul>\n<li><a href=\"http:\/\/elplandehiram.org\/wp-content\/uploads\/2019\/05\/Presentaci\u00f3n-An\u00e1lisis-de-T\u00e9rmino-OAT_17mayo2019.pdf\">Presentaci\u00f3n, Power Point<\/a><\/li>\n<\/ul>\n\n\n\n<h3 class=\"wp-block-heading\"><span id=\"Derechos-de-Autor-26-de-abril-de-2019-Asociacin-de-Profesores-de-Educacin-Comercial-de-Puerto-Rico\">Derechos de Autor, 26 de abril de 2019, Asociaci\u00f3n de Profesores de Educaci\u00f3n Comercial de Puerto Rico<\/span><\/h3>\n\n\n\n<ul>\n<li><a href=\"http:\/\/elplandehiram.org\/wp-content\/uploads\/2019\/04\/Presentaci\u00f3n_Derechos-de-Autor-APEC_web.pdf\">Presentaci\u00f3n, Power Point<\/a><\/li>\n<\/ul>\n\n\n\n<h2 class=\"wp-block-heading\"><span id=\"2018\">2018<\/span><\/h2>\n\n\n\n<h3 class=\"wp-block-heading\"><span id=\"Derechos-y-Reveses-de-lo-Humano-Perspectivas-desde-el-derecho-16-de-noviembre-de-2018\">Derechos y Reveses de lo Humano: Perspectivas desde el derecho, 16 de noviembre de 2018<\/span><\/h3>\n\n\n\n<ul>\n<li><a href=\"http:\/\/elplandehiram.org\/wp-content\/uploads\/2018\/11\/Presentaci\u00f3n-Lo-HumanoHMJ.pptx\">Presentaci\u00f3n, Power Point<\/a><\/li>\n\n\n\n<li><a href=\"http:\/\/derechoalderecho.org\/2018\/11\/01\/derechos-y-reveses-de-lo-humano-coloquio-interdisciplinario\/\">Afiche de la actividad<\/a><\/li>\n<\/ul>\n\n\n\n<h3 class=\"wp-block-heading\"><span id=\"Understanding-the-USPR-Constitutional-Relationship-University-of-Maryland-Law-School-October-2018\">Understanding the US\/PR Constitutional Relationship, University of Maryland Law School, October 2018<\/span><\/h3>\n\n\n\n<ul>\n<li><a href=\"http:\/\/elplandehiram.org\/wp-content\/uploads\/2018\/10\/Presentation_HiramMelendezJuarbe_Maryland-Edited.pptx\">Presentation, Power Point<\/a><\/li>\n\n\n\n<li>Reference Material:&nbsp;<em>In the Red: Puerto Rico\u2019s Fiscal and Democratic Deficits Laid Bare<\/em> (Quaderni Costituzionali 2017 No. 3) at <a href=\"https:\/\/ssrn.com\/abstract=3022151\">https:\/\/ssrn.com\/abstract=3022151<\/a><\/li>\n<\/ul>\n\n\n\n<h3 class=\"wp-block-heading\"><span id=\"Taller-LLM-Investigacin-29-septiembre-2018\">Taller LLM Investigaci\u00f3n, 29 septiembre 2018<\/span><\/h3>\n\n\n\n<ul>\n<li><a href=\"http:\/\/elplandehiram.org\/wp-content\/uploads\/2018\/09\/Taller-LLM-Investigaci\u00f3n.pdf\">Presentaci\u00f3n Power Point<\/a><\/li>\n\n\n\n<li><a href=\"http:\/\/elplandehiram.org\/wp-content\/uploads\/2018\/09\/Formulating-Your-Research-Question.pdf\">Formulating your Research Question<\/a><\/li>\n<\/ul>\n\n\n\n<h3 class=\"wp-block-heading\"><span id=\"Anlisis-de-Trmino-Derecho-Constitucional-2016-2017\">An\u00e1lisis de T\u00e9rmino Derecho Constitucional 2016-2017<\/span><\/h3>\n\n\n\n<ul>\n<li><a href=\"http:\/\/elplandehiram.org\/wp-content\/uploads\/2018\/01\/Presentaci\u00f3n-An\u00e1lisis-de-T\u00e9rmino-Const-2016-2017-19-enero-2018_Endado.pdf\">Presentaci\u00f3n Power Point 18 de enero UPR <\/a><\/li>\n\n\n\n<li><a href=\"http:\/\/elplandehiram.org\/wp-content\/uploads\/2012\/01\/Res\u00famenes-de-casos-significaivos-Constitucional-AT-2016-2017.pdf\">Breve resumen de casos significativos<\/a><\/li>\n<\/ul>\n\n\n\n<h2 class=\"wp-block-heading\"><span id=\"2017\">2017<\/span><\/h2>\n\n\n\n<h3 class=\"wp-block-heading\"><span id=\"Anlisis-de-Trmino-Derecho-Constitucional-2016-2017\">An\u00e1lisis de T\u00e9rmino Derecho Constitucional 2016-2017<\/span><\/h3>\n\n\n\n<ul>\n<li><a href=\"http:\/\/elplandehiram.org\/wp-content\/uploads\/2012\/01\/Presentaci\u00f3n-An\u00e1lisis-de-T\u00e9rmino-Const-2016-2017.pdf\">Presentaci\u00f3n Power Point 25 de Agosto UPR <\/a><\/li>\n\n\n\n<li><a href=\"http:\/\/elplandehiram.org\/wp-content\/uploads\/2012\/01\/Res\u00famenes-de-casos-significaivos-Constitucional-AT-2016-2017.pdf\">Breve resumen de casos significativos<\/a><\/li>\n<\/ul>\n\n\n\n<h2 class=\"wp-block-heading\"><span id=\"2015\">2015<\/span><\/h2>\n\n\n\n<h3 class=\"wp-block-heading\"><span id=\"Fair-Use-PresentacinnbspEstudios-Generales-Recinto-de-Ro-PiedrasnbspUPR\">Fair Use (Presentaci\u00f3n&nbsp;Estudios Generales Recinto de R\u00edo Piedras,&nbsp;UPR)<\/span><\/h3>\n\n\n\n<ul>\n<li>Presentaci\u00f3n Power Point, 29&nbsp;de abril de 2015 (Universidad de Puerto Rico) [PDF]<\/li>\n<\/ul>\n\n\n\n<h3 class=\"wp-block-heading\"><span id=\"Derechos-de-Autor-en-un-Entorno-Digital-UPR\">Derechos de Autor en un Entorno Digital (UPR)<\/span><\/h3>\n\n\n\n<ul>\n<li>Presentaci\u00f3n Power Point, 17 de abril de 2015 (Universidad de Puerto Rico) [<a href=\"http:\/\/elplandehiram.org\/wp-content\/uploads\/2012\/01\/Presentaci\u00f3n-Dere-Autor-Internet_FideicomisoUPR.pdf\">PDF<\/a>]<\/li>\n<\/ul>\n\n\n\n<h2 class=\"wp-block-heading\"><span id=\"2014\">2014<\/span><\/h2>\n\n\n\n<h3 class=\"wp-block-heading\"><span id=\"Fair-Use\">Fair Use<\/span><\/h3>\n\n\n\n<ul>\n<li>Presentaci\u00f3n Power Point, 15 de noviembre&nbsp;de 2014 (Universidad de Puerto Rico) [<a href=\"http:\/\/elplandehiram.org\/documentos\/Presentaci%C3%B3n_Fair%20Use_FideicomisoUPR.pptx\">Power Point<\/a>]<\/li>\n<\/ul>\n\n\n\n<h3 class=\"wp-block-heading\"><span id=\"Derechos-de-Autor-en-un-Entorno-Digital-UPR\">Derechos de Autor en un Entorno Digital (UPR)<\/span><\/h3>\n\n\n\n<ul>\n<li>Presentaci\u00f3n Power Point, 1 de noviembre&nbsp;de 2014 (Universidad de Puerto Rico) [<a href=\"http:\/\/elplandehiram.org\/documentos\/Presentaci%C3%B3n%20Dere%20Autor%20Internet_FideicomisoUPR.pdf\">PDF<\/a>]<\/li>\n<\/ul>\n\n\n\n<h3 class=\"wp-block-heading\"><span id=\"Derechos-de-Autor-en-un-Entorno-Digital-Argentina\">Derechos de Autor en un Entorno Digital (Argentina)<\/span><\/h3>\n\n\n\n<ul>\n<li>Presentaci\u00f3n Power Point, 22 de octubre de 2014 (Universidad de Palermo, Buenos Aires) [<a href=\"http:\/\/elplandehiram.org\/documentos\/Presentaci%C3%B3n%20Dere%20Autor%20Palermo.pptx\">PowerPoint<\/a>] &nbsp;[<a href=\"http:\/\/elplandehiram.org\/documentos\/Presentaci%C3%B3n%20Dere%20Autor%20Palermo.pdf\">PDF<\/a>]<\/li>\n<\/ul>\n\n\n\n<h3 class=\"wp-block-heading\"><span id=\"Derechos-Morales-Perspectivas-Crticas-y-Licencias-Creative-Commons\">Derechos Morales: Perspectivas Cr\u00edticas y Licencias Creative Commons<\/span><\/h3>\n\n\n\n<ul>\n<li><a href=\"http:\/\/elplandehiram.org\/documentos\/presentacion_derechos_morales_y_CC_Hiram_Melendez.pptx\">Presentaci\u00f3n Power Point<\/a>, 27 de septiembre de 2014<\/li>\n<\/ul>\n\n\n\n<h3 class=\"wp-block-heading\"><span id=\"Teora-y-Fundamentos-de-los-Derechos-de-Autor\">Teor\u00eda y Fundamentos de los Derechos de Autor<\/span><\/h3>\n\n\n\n<ul>\n<li><a href=\"http:\/\/elplandehiram.org\/wp-content\/uploads\/2012\/01\/Presentaci\u00f3n-Dere-Autor-Fundamentos.pdf\">Presentaci\u00f3n Power Point<\/a>, 16 de agosto de 2014<\/li>\n<\/ul>\n\n\n\n<h3 class=\"wp-block-heading\"><span id=\"Derechos-de-Autor\">Derechos de Autor<\/span><\/h3>\n\n\n\n<ul>\n<li><a href=\"http:\/\/elplandehiram.org\/wp-content\/uploads\/2012\/01\/Presentaci\u00f3n-Dere-Autor_25-junio.pdf\">Presentaci\u00f3n Power Point<\/a>, 25 de junio 2014 (CAPR)<\/li>\n\n\n\n<li><a href=\"http:\/\/elplandehiram.org\/wp-content\/uploads\/2012\/01\/HMJ_DereAuto_PropiaImagen-Materiales.pdf\">Materiales<\/a><\/li>\n<\/ul>\n\n\n\n<h3 class=\"wp-block-heading\"><span id=\"Derechos-de-Autor-y-Propia-Imagen\">Derechos de Autor y Propia Imagen<\/span><\/h3>\n\n\n\n<ul>\n<li><a href=\"http:\/\/elplandehiram.org\/wp-content\/uploads\/2012\/01\/Presentaci\u00f3n-Dere-Autor-y-Propia-Imagen.pdf\">Presentaci\u00f3n Power Point<\/a>, 26 de abril de 2014<\/li>\n<\/ul>\n\n\n\n<h2 class=\"wp-block-heading\"><span id=\"2012\">2012<\/span><\/h2>\n\n\n\n<h3 class=\"wp-block-heading\"><span id=\"Seminario-Derecho-e-Internet-PARTE-1-Derechos-de-Autor-en-la-Era-Digital\">Seminario Derecho e Internet: PARTE 1-Derechos de Autor en la Era Digital<\/span><\/h3>\n\n\n\n<ul>\n<li><a href=\"http:\/\/elplandehiram.net\/elplandehiram.org\/seminarios\/DerechoInternetParteIDAutorEnero2012.pdf\">Bosquejo Detallado y Materiales<\/a>, 20 de enero de 2012<\/li>\n\n\n\n<li><a href=\"http:\/\/\/elplandehiram.org\/seminarios\/PresentationDerechodeInternetParteIDerechosAutor.pdf\">Presentaci\u00f3n Power Point<\/a><\/li>\n<\/ul>\n\n\n\n<h3 class=\"wp-block-heading\"><span id=\"Seminario-Derecho-e-Internet-PARTE-2-La-Propiedad-Intelectual\">Seminario Derecho e Internet: PARTE 2-La Propiedad Intelectual<\/span><\/h3>\n\n\n\n<ul>\n<li><a href=\"http:\/\/elplandehiram.org\/seminarios\/HMJDereInternetParte2Anejos.pdf\">Materiales<\/a>, 22 de junio de 2012<\/li>\n\n\n\n<li><a href=\"http:\/\/elplandehiram.org\/seminarios\/PresentacionDerechoInternetII_PropiedadIntelectual.pdf\">Presentaci\u00f3n Power Point<\/a><\/li>\n<\/ul>\n\n\n\n<h3 class=\"wp-block-heading\"><span id=\"Seminario-Derecho-y-Redes-Sociales\">Seminario Derecho y Redes Sociales<\/span><\/h3>\n\n\n\n<ul>\n<li><a href=\"http:\/\/elplandehiram.org\/wp-content\/uploads\/2012\/01\/derecho_redes_sociales_hm_ppt.pdf\">Presentaci\u00f3n Power Point, Mayo 2012<\/a><\/li>\n<\/ul>\n\n\n\n<h3 class=\"wp-block-heading\"><span id=\"Presentacin-Centro-Para-Puerto-Rico-Derecho-de-Internet-y-Propiedad-Intelectual-para-Comunidad-Archivstica-y-servicios-de-informacin-26-de-abril-de-2012\">Presentaci\u00f3n Centro Para Puerto Rico, Derecho de Internet y Propiedad Intelectual para Comunidad Archiv\u00edstica y servicios de informaci\u00f3n, 26 de abril de 2012<\/span><\/h3>\n\n\n\n<ul>\n<li><a href=\"http:\/\/elplandehiram.org\/wp-content\/uploads\/2012\/01\/DereInt_PropIntelectual_Comunidad_Archivistica.pdf\">Presentaci\u00f3n Power Point<\/a><\/li>\n<\/ul>\n","protected":false},"excerpt":{"rendered":"<p>2023 Derechos de autoras y uso justo en la educaci\u00f3n no presencial (CEA), 7 diciembre 2023 (repetido 29 feb 2024) 2022 Tecnopol\u00edtica y derecho en una sociedad digitalmente interconectada, 15 de marzo de 2022, Universidad de Puerto Rico en Aguadilla, Biblioteca Enrique A. Laguerre Derecho Constitucional y el Verano de 2019 (5 de marzo de &hellip; <a href=\"http:\/\/elplandehiram.org\/?page_id=1828\" class=\"more-link\">Continue reading <span class=\"screen-reader-text\">Seminarios y Talleres<\/span> <span class=\"meta-nav\">&rarr;<\/span><\/a><\/p>\n","protected":false},"author":1,"featured_media":0,"parent":0,"menu_order":0,"comment_status":"closed","ping_status":"closed","template":"","meta":[],"_links":{"self":[{"href":"http:\/\/elplandehiram.org\/index.php?rest_route=\/wp\/v2\/pages\/1828"}],"collection":[{"href":"http:\/\/elplandehiram.org\/index.php?rest_route=\/wp\/v2\/pages"}],"about":[{"href":"http:\/\/elplandehiram.org\/index.php?rest_route=\/wp\/v2\/types\/page"}],"author":[{"embeddable":true,"href":"http:\/\/elplandehiram.org\/index.php?rest_route=\/wp\/v2\/users\/1"}],"replies":[{"embeddable":true,"href":"http:\/\/elplandehiram.org\/index.php?rest_route=%2Fwp%2Fv2%2Fcomments&post=1828"}],"version-history":[{"count":18,"href":"http:\/\/elplandehiram.org\/index.php?rest_route=\/wp\/v2\/pages\/1828\/revisions"}],"predecessor-version":[{"id":2958,"href":"http:\/\/elplandehiram.org\/index.php?rest_route=\/wp\/v2\/pages\/1828\/revisions\/2958"}],"wp:attachment":[{"href":"http:\/\/elplandehiram.org\/index.php?rest_route=%2Fwp%2Fv2%2Fmedia&parent=1828"}],"curies":[{"name":"wp","href":"https:\/\/api.w.org\/{rel}","templated":true}]}}